{"id":14,"date":"2016-06-02T10:12:20","date_gmt":"2016-06-02T10:12:20","guid":{"rendered":"http:\/\/bsv-rees-feldmark.de\/?page_id=14"},"modified":"2026-02-21T09:31:09","modified_gmt":"2026-02-21T08:31:09","slug":"1-zug","status":"publish","type":"page","link":"https:\/\/bsv-rees-feldmark.de\/?page_id=14","title":{"rendered":"1. Zug"},"content":{"rendered":"<p><span style=\"font-family: arial, helvetica, sans-serif;\">Der aktuelle Vorstand des 1. Zuges setzt sich wie folgt zusammen:<\/span><\/p>\n<table style=\"width: 100%; border-collapse: collapse;\" border=\"0\">\n<tbody>\n<tr>\n<td style=\"width: 20.1634%;\"><span style=\"font-family: arial, helvetica, sans-serif;\"><strong>Zugf\u00fchrer <\/strong><\/span><br \/>\n<span style=\"font-family: arial, helvetica, sans-serif;\">Pierre-Pascal Hoffmann<\/span><br \/>\n<span style=\"font-family: arial, helvetica, sans-serif;\">Queckvoor 4<\/span><br \/>\n<span style=\"font-family: arial, helvetica, sans-serif;\">46459 Rees<\/span><br \/>\n<span style=\"font-family: arial, helvetica, sans-serif;\">Tel.: (02851) 966251<\/span><\/td>\n<td style=\"width: 17.7558%;\"><span style=\"font-family: arial, helvetica, sans-serif;\"><strong>stv. Zugf\u00fchrer<\/strong><\/span><br \/>\n<span style=\"font-family: arial, helvetica, sans-serif;\">Stephan Noack<\/span><br \/>\n<span style=\"font-family: arial, helvetica, sans-serif;\">Gr\u00fcner Weg 45<\/span><br \/>\n<span style=\"font-family: arial, helvetica, sans-serif;\">46459 Rees<\/span><\/td>\n<\/tr>\n<tr>\n<td style=\"width: 20.1634%;\"><span style=\"font-family: arial, helvetica, sans-serif;\"><strong>Gesch\u00e4ftsf\u00fchrer <\/strong><\/span><br \/>\n<span style=\"font-family: arial, helvetica, sans-serif;\">Norbert Ziegler<br \/>\nLouise-Wildt-Weg 15<br \/>\n46459 Rees<\/span><br \/>\n<span style=\"font-family: arial, helvetica, sans-serif;\">Tel.: (02851) 967807<\/span><\/td>\n<td style=\"width: 17.7558%;\"><span style=\"font-family: arial, helvetica, sans-serif;\"><strong>stv. Gesch\u00e4ftsf\u00fchrer <\/strong><\/span><br \/>\n<span style=\"font-family: arial, helvetica, sans-serif;\">Ren\u00e9 Ditters<br \/>\nZum Lohr 30a<\/span><br \/>\n<span style=\"font-family: arial, helvetica, sans-serif;\">46459 Rees<\/span><br \/>\n<span style=\"font-family: arial, helvetica, sans-serif;\">Tel.: (02851) 966514<br \/>\n<\/span><\/td>\n<\/tr>\n<tr>\n<td style=\"width: 20.1634%;\"><span style=\"font-family: arial, helvetica, sans-serif;\"><strong>Kassierer<\/strong><\/span><br \/>\n<span style=\"font-family: arial, helvetica, sans-serif;\">Marcel Dahmen<\/span><\/td>\n<td style=\"width: 17.7558%;\"><span style=\"font-family: arial, helvetica, sans-serif;\"><strong>stv. Kassierer<\/strong><\/span><br \/>\n<span style=\"font-family: arial, helvetica, sans-serif;\">Ingo Vennemann<br \/>\nLouise-Wildt-Weg 6<\/span><br \/>\n<span style=\"font-family: arial, helvetica, sans-serif;\">46459 Rees<\/span><span style=\"font-family: arial, helvetica, sans-serif;\"><br \/>\n<\/span><\/td>\n<\/tr>\n<tr>\n<td style=\"width: 20.1634%;\"><span style=\"font-family: arial, helvetica, sans-serif;\"><strong>Fahnentr\u00e4ger <\/strong><\/span><br \/>\n<span style=\"font-family: arial, helvetica, sans-serif;\">Dennis Dicker<\/span><br \/>\n<span style=\"font-family: arial, helvetica, sans-serif;\">Bartener Str. 5<\/span><br \/>\n<span style=\"font-family: arial, helvetica, sans-serif;\">46459 Rees<\/span><br \/>\n<span style=\"font-family: arial, helvetica, sans-serif;\">Tel.: (02851) 2559<\/span><\/td>\n<td style=\"width: 17.7558%;\"><span style=\"font-family: arial, helvetica, sans-serif;\"><strong>stv. Fahnentr\u00e4ger\u00a0<\/strong><\/span><br \/>\n<span style=\"font-family: arial, helvetica, sans-serif;\">Franz-Josef Peters<\/span><br \/>\n<span style=\"font-family: arial, helvetica, sans-serif;\">Kapitelstra\u00dfe 4<\/span><br \/>\n<span style=\"font-family: arial, helvetica, sans-serif;\">46459 Rees<\/span><\/td>\n<\/tr>\n<\/tbody>\n<\/table>\n<p><\/p>\n","protected":false},"excerpt":{"rendered":"<p>Der aktuelle Vorstand des 1. Zuges setzt sich wie folgt zusammen: Zugf\u00fchrer Pierre-Pascal Hoffmann Queckvoor 4 46459 Rees Tel.: (02851) 966251 stv. Zugf\u00fchrer Stephan Noack Gr\u00fcner Weg 45 46459 Rees Gesch\u00e4ftsf\u00fchrer Norbert Ziegler Louise-Wildt-Weg 15 46459 Rees Tel.: (02851) 967807<\/p>\n","protected":false},"author":1,"featured_media":0,"parent":8,"menu_order":3,"comment_status":"closed","ping_status":"closed","template":"","meta":{"footnotes":"","_links_to":"","_links_to_target":""},"class_list":["post-14","page","type-page","status-publish","hentry"],"_links":{"self":[{"href":"https:\/\/bsv-rees-feldmark.de\/index.php?rest_route=\/wp\/v2\/pages\/14","targetHints":{"allow":["GET"]}}],"collection":[{"href":"https:\/\/bsv-rees-feldmark.de\/index.php?rest_route=\/wp\/v2\/pages"}],"about":[{"href":"https:\/\/bsv-rees-feldmark.de\/index.php?rest_route=\/wp\/v2\/types\/page"}],"author":[{"embeddable":true,"href":"https:\/\/bsv-rees-feldmark.de\/index.php?rest_route=\/wp\/v2\/users\/1"}],"replies":[{"embeddable":true,"href":"https:\/\/bsv-rees-feldmark.de\/index.php?rest_route=%2Fwp%2Fv2%2Fcomments&post=14"}],"version-history":[{"count":23,"href":"https:\/\/bsv-rees-feldmark.de\/index.php?rest_route=\/wp\/v2\/pages\/14\/revisions"}],"predecessor-version":[{"id":3124,"href":"https:\/\/bsv-rees-feldmark.de\/index.php?rest_route=\/wp\/v2\/pages\/14\/revisions\/3124"}],"up":[{"embeddable":true,"href":"https:\/\/bsv-rees-feldmark.de\/index.php?rest_route=\/wp\/v2\/pages\/8"}],"wp:attachment":[{"href":"https:\/\/bsv-rees-feldmark.de\/index.php?rest_route=%2Fwp%2Fv2%2Fmedia&parent=14"}],"curies":[{"name":"wp","href":"https:\/\/api.w.org\/{rel}","templated":true}]}}